{"id":83823,"date":"2025-08-20T13:31:57","date_gmt":"2025-08-20T11:31:57","guid":{"rendered":"https:\/\/astermas.valordeley.es\/?page_id=83823"},"modified":"2025-11-28T17:15:24","modified_gmt":"2025-11-28T16:15:24","slug":"promociones","status":"publish","type":"page","link":"https:\/\/www.ccastermas.com\/gl\/promociones\/","title":{"rendered":"Promociones Lugo"},"content":{"rendered":"\t\t<div data-elementor-type=\"wp-page\" data-elementor-id=\"83823\" class=\"elementor elementor-83823 elementor-77054\">\n\t\t\t\t\t\t<section class=\"elementor-section elementor-top-section elementor-element elementor-element-476eff5 elementor-section-height-min-height elementor-hidden-mobile elementor-hidden-tablet elementor-section-boxed elementor-section-height-default elementor-section-items-middle\" data-id=\"476eff5\" data-element_type=\"section\" data-settings=\"{&quot;background_background&quot;:&quot;classic&quot;}\">\n\t\t\t\t\t\t<div class=\"elementor-container elementor-column-gap-default\">\n\t\t\t\t\t<div class=\" elementor-column elementor-col-100 elementor-top-column elementor-element elementor-element-fd01053\" data-fullscreen-column-settings=\"{&quot;fullscreen&quot;:&quot;&quot;}\" data-id=\"fd01053\" data-element_type=\"column\">\n\t\t\t<div class=\"elementor-widget-wrap\">\n\t\t\t\t\t\t\t<\/div>\n\t\t<\/div>\n\t\t\t\t\t<\/div>\n\t\t<\/section>\n\t\t<div class=\"elementor-element elementor-element-98c6085 e-flex e-con-boxed e-con e-parent\" data-id=\"98c6085\" data-element_type=\"container\" data-settings=\"{&quot;background_background&quot;:&quot;classic&quot;}\">\n\t\t\t\t\t<div class=\"e-con-inner\">\n\t\t<div class=\"elementor-element elementor-element-4c4a935 e-con-full e-flex e-con e-child\" data-id=\"4c4a935\" data-element_type=\"container\">\n\t\t\t\t<div class=\"elementor-element elementor-element-a5e0cce elementor-widget elementor-widget-heading\" data-id=\"a5e0cce\" data-element_type=\"widget\" data-widget_type=\"heading.default\">\n\t\t\t\t<div class=\"elementor-widget-container\">\n\t\t\t\t\t<h1 class=\"elementor-heading-title elementor-size-default\">Promoci\u00f3ns<\/h1>\t\t\t\t<\/div>\n\t\t\t\t<\/div>\n\t\t\t\t<\/div>\n\t\t\t\t\t<\/div>\n\t\t\t\t<\/div>\n\t\t\t\t<section class=\"elementor-section elementor-top-section elementor-element elementor-element-ebc91fd elementor-section-boxed elementor-section-height-default elementor-section-height-default\" data-id=\"ebc91fd\" data-element_type=\"section\">\n\t\t\t\t\t\t<div class=\"elementor-container elementor-column-gap-default\">\n\t\t\t\t\t<div class=\" elementor-column elementor-col-100 elementor-top-column elementor-element elementor-element-712fa57\" data-fullscreen-column-settings=\"{&quot;fullscreen&quot;:&quot;&quot;}\" data-id=\"712fa57\" data-element_type=\"column\">\n\t\t\t<div class=\"elementor-widget-wrap elementor-element-populated\">\n\t\t\t\t\t\t<div class=\"elementor-element elementor-element-3a7b758 elementor-widget elementor-widget-shortcode\" data-id=\"3a7b758\" data-element_type=\"widget\" data-widget_type=\"shortcode.default\">\n\t\t\t\t<div class=\"elementor-widget-container\">\n\t\t\t\t\t\t\t<div class=\"elementor-shortcode\">\n                <article class=\"item-evento\" id=\"86823\">\n                    <div class=\"row\">\n                        <div class=\"col-md-4 fechaspromocion\">\n                            <div class=\"foto\"><img decoding=\"async\" src=\"https:\/\/www.ccastermas.com\/wp-content\/uploads\/2026\/04\/krack_vigo1080x1080.jpg\" title=\"Promociones Krack Portal de la Marina\" alt=\"Promociones Krack Portal de la Marina\"><\/div>\n                            <div class=\"post_fecha_new\"><time> Del <strong>15<\/strong><\/time><time> <strong>Abr<\/strong><\/time><time> al <strong>03<\/strong><\/time><time> <strong>Mai<\/strong><\/time><\/div>\n                        <\/div>\n                        <div class=\"col-md-8\">\n                            <div class=\"content\">\n                                <div class=\"row\">\n                                    <a class=\"enlacetienda\" href=\"https:\/\/www.ccastermas.com\/gl\/tienda\/krack\/\" title=\"Krack\">\n                                        <div class=\"col-md-1\" style=\"padding: 35px; background-image: url(https:\/\/www.ccastermas.com\/wp-content\/uploads\/2025\/08\/krack_logo_.svg); background-size: contain; background-position: center;\"><\/div>\n                                    <\/a>\n                                    <div class=\"col-md-9\">            \n                                        <h2>D\u00eda da Nai \ud83d\udc97<\/h2>\n                                        <h3>Celebra o seu d\u00eda cun -20% nunha selecci\u00f3n especial<\/h3>\n                                    <\/div>\n                                <\/div>\n                                <div class=\"row\">\n                                    <div class=\"col-md-12\">                                    \n                                    <p>Sorpr\u00e9ndea como se merece na Zapater\u00eda Krack As Termas. Desfruta dun 20% de desconto nunha selecci\u00f3n de produtos en tendas f\u00edsicas (excepto outlets) e tam\u00e9n en li\u00f1a.<\/p>\n<p>Atopa o agasallo perfecto e fai que este D\u00eda da Nai sexa inesquecible. \u2728<\/p>\n\n                                    <\/div>\n                                <\/div>\n                            <\/div>\n                        <\/div>\n                    <\/div>\n                <\/article><\/div>\n\t\t\t\t\t\t<\/div>\n\t\t\t\t<\/div>\n\t\t\t\t\t<\/div>\n\t\t<\/div>\n\t\t\t\t\t<\/div>\n\t\t<\/section>\n\t\t\t\t<\/div>\n\t\t","protected":false},"excerpt":{"rendered":"<p>Promoci\u00f3ns<\/p>\n","protected":false},"author":6,"featured_media":0,"parent":0,"menu_order":233,"comment_status":"closed","ping_status":"closed","template":"","meta":{"footnotes":""},"class_list":["post-83823","page","type-page","status-publish","hentry"],"yoast_head":"<!-- This site is optimized with the Yoast SEO plugin v25.4 - https:\/\/yoast.com\/wordpress\/plugins\/seo\/ -->\n<title>Promoci\u00f3ns en lugo| Centro Comercial As Termas<\/title>\n<meta name=\"description\" content=\"Queres aproveitar ao m\u00e1ximo todas as ofertas do Centro Comercial As Termas? B\u00f3talle un ollo \u00e1s nosas promoci\u00f3ns e obt\u00e9n os mellores prezos!\" \/>\n<meta name=\"robots\" content=\"index, follow, max-snippet:-1, max-image-preview:large, max-video-preview:-1\" \/>\n<link rel=\"canonical\" href=\"https:\/\/www.ccastermas.com\/gl\/promociones\/\" \/>\n<meta property=\"og:locale\" content=\"gl_ES\" \/>\n<meta property=\"og:type\" content=\"article\" \/>\n<meta property=\"og:title\" content=\"Promoci\u00f3ns en lugo| Centro Comercial As Termas\" \/>\n<meta property=\"og:description\" content=\"Queres aproveitar ao m\u00e1ximo todas as ofertas do Centro Comercial As Termas? B\u00f3talle un ollo \u00e1s nosas promoci\u00f3ns e obt\u00e9n os mellores prezos!\" \/>\n<meta property=\"og:url\" content=\"https:\/\/www.ccastermas.com\/gl\/promociones\/\" \/>\n<meta property=\"og:site_name\" content=\"Centro Comercial As Termas\" \/>\n<meta property=\"article:modified_time\" content=\"2025-11-28T16:15:24+00:00\" \/>\n<meta name=\"twitter:card\" content=\"summary_large_image\" \/>\n<meta name=\"twitter:label1\" content=\"Tempo de lectura\" \/>\n\t<meta name=\"twitter:data1\" content=\"1 minuto\" \/>\n<!-- \/ Yoast SEO plugin. -->","yoast_head_json":{"title":"Promoci\u00f3ns en lugo| Centro Comercial As Termas","description":"Queres aproveitar ao m\u00e1ximo todas as ofertas do Centro Comercial As Termas? B\u00f3talle un ollo \u00e1s nosas promoci\u00f3ns e obt\u00e9n os mellores prezos!","robots":{"index":"index","follow":"follow","max-snippet":"max-snippet:-1","max-image-preview":"max-image-preview:large","max-video-preview":"max-video-preview:-1"},"canonical":"https:\/\/www.ccastermas.com\/gl\/promociones\/","og_locale":"gl_ES","og_type":"article","og_title":"Promoci\u00f3ns en lugo| Centro Comercial As Termas","og_description":"Queres aproveitar ao m\u00e1ximo todas as ofertas do Centro Comercial As Termas? B\u00f3talle un ollo \u00e1s nosas promoci\u00f3ns e obt\u00e9n os mellores prezos!","og_url":"https:\/\/www.ccastermas.com\/gl\/promociones\/","og_site_name":"Centro Comercial As Termas","article_modified_time":"2025-11-28T16:15:24+00:00","twitter_card":"summary_large_image","twitter_misc":{"Tempo de lectura":"1 minuto"},"schema":{"@context":"https:\/\/schema.org","@graph":[{"@type":"WebPage","@id":"https:\/\/www.ccastermas.com\/gl\/promociones\/","url":"https:\/\/www.ccastermas.com\/gl\/promociones\/","name":"Promoci\u00f3ns en lugo| Centro Comercial As Termas","isPartOf":{"@id":"https:\/\/www.ccastermas.com\/gl\/#website"},"datePublished":"2025-08-20T11:31:57+00:00","dateModified":"2025-11-28T16:15:24+00:00","description":"Queres aproveitar ao m\u00e1ximo todas as ofertas do Centro Comercial As Termas? B\u00f3talle un ollo \u00e1s nosas promoci\u00f3ns e obt\u00e9n os mellores prezos!","breadcrumb":{"@id":"https:\/\/www.ccastermas.com\/gl\/promociones\/#breadcrumb"},"inLanguage":"gl-ES","potentialAction":[{"@type":"ReadAction","target":["https:\/\/www.ccastermas.com\/gl\/promociones\/"]}]},{"@type":"BreadcrumbList","@id":"https:\/\/www.ccastermas.com\/gl\/promociones\/#breadcrumb","itemListElement":[{"@type":"ListItem","position":1,"name":"Portada","item":"https:\/\/www.ccastermas.com\/gl\/"},{"@type":"ListItem","position":2,"name":"Promociones Lugo"}]},{"@type":"WebSite","@id":"https:\/\/www.ccastermas.com\/gl\/#website","url":"https:\/\/www.ccastermas.com\/gl\/","name":"Centro Comercial As Termas","description":"Centro Comercial As Termas: Tu Centro Comercial en Lugo","publisher":{"@id":"https:\/\/www.ccastermas.com\/gl\/#organization"},"potentialAction":[{"@type":"SearchAction","target":{"@type":"EntryPoint","urlTemplate":"https:\/\/www.ccastermas.com\/gl\/?s={search_term_string}"},"query-input":{"@type":"PropertyValueSpecification","valueRequired":true,"valueName":"search_term_string"}}],"inLanguage":"gl-ES"},{"@type":"Organization","@id":"https:\/\/www.ccastermas.com\/gl\/#organization","name":"As Termas","alternateName":"Centro Comercial As Termas","url":"https:\/\/www.ccastermas.com\/gl\/","logo":{"@type":"ImageObject","inLanguage":"gl-ES","@id":"https:\/\/www.ccastermas.com\/gl\/#\/schema\/logo\/image\/","url":"https:\/\/www.ccastermas.com\/wp-content\/uploads\/2026\/01\/astermas-logo.jpg","contentUrl":"https:\/\/www.ccastermas.com\/wp-content\/uploads\/2026\/01\/astermas-logo.jpg","width":200,"height":140,"caption":"As Termas"},"image":{"@id":"https:\/\/www.ccastermas.com\/gl\/#\/schema\/logo\/image\/"}}]}},"publishpress_future_action":{"enabled":false,"date":"2026-05-08 08:42:40","action":"change-status","newStatus":"draft","terms":[],"taxonomy":"translation_priority"},"publishpress_future_workflow_manual_trigger":{"enabledWorkflows":[]},"_links":{"self":[{"href":"https:\/\/www.ccastermas.com\/gl\/wp-json\/wp\/v2\/pages\/83823","targetHints":{"allow":["GET"]}}],"collection":[{"href":"https:\/\/www.ccastermas.com\/gl\/wp-json\/wp\/v2\/pages"}],"about":[{"href":"https:\/\/www.ccastermas.com\/gl\/wp-json\/wp\/v2\/types\/page"}],"author":[{"embeddable":true,"href":"https:\/\/www.ccastermas.com\/gl\/wp-json\/wp\/v2\/users\/6"}],"replies":[{"embeddable":true,"href":"https:\/\/www.ccastermas.com\/gl\/wp-json\/wp\/v2\/comments?post=83823"}],"version-history":[{"count":5,"href":"https:\/\/www.ccastermas.com\/gl\/wp-json\/wp\/v2\/pages\/83823\/revisions"}],"predecessor-version":[{"id":85876,"href":"https:\/\/www.ccastermas.com\/gl\/wp-json\/wp\/v2\/pages\/83823\/revisions\/85876"}],"wp:attachment":[{"href":"https:\/\/www.ccastermas.com\/gl\/wp-json\/wp\/v2\/media?parent=83823"}],"curies":[{"name":"wp","href":"https:\/\/api.w.org\/{rel}","templated":true}]}}